{"id":114,"date":"2015-07-16T16:09:25","date_gmt":"2015-07-16T14:09:25","guid":{"rendered":"http:\/\/www.die-emotionsfotografin.de\/blog\/?page_id=114"},"modified":"2017-02-10T15:04:48","modified_gmt":"2017-02-10T14:04:48","slug":"exklusiv-workshops","status":"publish","type":"page","link":"https:\/\/www.die-emotionsfotografin.com\/blog\/workshops-2\/exklusiv-workshops\/","title":{"rendered":"Exklusiv-Workshops"},"content":{"rendered":"<h3>F\u00fcr Gruppen-Individualisten<\/h3>\n<p>Du m\u00f6chtest f\u00fcr Deine Gruppe (ab 3 Personen) einen individuellen Workshop buchen, der sich einem speziellen, von Euch gew\u00fcnschtem fotografischen Thema widmet? Dann rufe mich unter meiner geheimen <a href=\"http:\/\/www.die-emotionsfotografin.de\/blog\/kontakt\/\">Kontaktadresse<\/a> an oder schreibe mir.<\/p>\n<h3>F\u00fcr alle Miss Marples und Sherlock Holmes auf Alleingang<\/h3>\n<p>Neben den\u00a0 <a href=\"http:\/\/www.die-emotionsfotografin.de\/blog\/workshops-2\/workshops-fuer-gruppen\/\">Gruppenworkshops<\/a> biete ich Interessenten auch individuelle <strong>Einzelworkshops bzw. Unterrichtsstunden<\/strong> an.<\/p>\n<p>Ich unterst\u00fctze Dich professionell beim Umgang mit Deiner Kamera und helfe Dir, Deine fotografischen Kenntnisse und F\u00e4higkeiten Schritt f\u00fcr Schritt zu erweitern. Dazu w\u00e4hlen wir ein Thema, das Dich ganz besonders begeistert oder mit dem Du beruflich zu tun hast (z. B. Portraitfotografie, Fotos f\u00fcr Blog und Website, Reproduktion von Kunstwerken).<\/p>\n<h3>Kamera raus aus dem Versteck!<\/h3>\n<p>Du kennst eine Verdachtsperson, die unbedingt wieder zur Kamera greifen sollte? Dann verschenke doch mal einen <a href=\"http:\/\/www.die-emotionsfotografin.de\/blog\/workshops-2\/gutscheine\/\">Gutschein f\u00fcr einen individuellen Foto-Workshop<\/a>!<\/p>\n<p>&nbsp;<\/p>\n","protected":false},"excerpt":{"rendered":"<p>F\u00fcr Gruppen-Individualisten Du m\u00f6chtest f\u00fcr Deine Gruppe (ab 3 Personen) einen individuellen Workshop buchen, der sich einem speziellen, von Euch gew\u00fcnschtem fotografischen Thema widmet? Dann rufe mich unter meiner geheimen [&hellip;]<\/p>\n","protected":false},"author":1,"featured_media":0,"parent":77,"menu_order":0,"comment_status":"closed","ping_status":"closed","template":"","meta":{"footnotes":""},"class_list":["post-114","page","type-page","status-publish","hentry"],"_links":{"self":[{"href":"https:\/\/www.die-emotionsfotografin.com\/blog\/wp-json\/wp\/v2\/pages\/114"}],"collection":[{"href":"https:\/\/www.die-emotionsfotografin.com\/blog\/wp-json\/wp\/v2\/pages"}],"about":[{"href":"https:\/\/www.die-emotionsfotografin.com\/blog\/wp-json\/wp\/v2\/types\/page"}],"author":[{"embeddable":true,"href":"https:\/\/www.die-emotionsfotografin.com\/blog\/wp-json\/wp\/v2\/users\/1"}],"replies":[{"embeddable":true,"href":"https:\/\/www.die-emotionsfotografin.com\/blog\/wp-json\/wp\/v2\/comments?post=114"}],"version-history":[{"count":6,"href":"https:\/\/www.die-emotionsfotografin.com\/blog\/wp-json\/wp\/v2\/pages\/114\/revisions"}],"predecessor-version":[{"id":766,"href":"https:\/\/www.die-emotionsfotografin.com\/blog\/wp-json\/wp\/v2\/pages\/114\/revisions\/766"}],"up":[{"embeddable":true,"href":"https:\/\/www.die-emotionsfotografin.com\/blog\/wp-json\/wp\/v2\/pages\/77"}],"wp:attachment":[{"href":"https:\/\/www.die-emotionsfotografin.com\/blog\/wp-json\/wp\/v2\/media?parent=114"}],"curies":[{"name":"wp","href":"https:\/\/api.w.org\/{rel}","templated":true}]}}